{"id":216786,"date":"2026-03-04T03:36:02","date_gmt":"2026-03-04T02:36:02","guid":{"rendered":"https:\/\/grupotextil.es\/producto\/cargador-inalambrico-con-organizador-y-soporte-para-movil-stamina-luke-1055\/"},"modified":"2026-03-04T06:15:23","modified_gmt":"2026-03-04T05:15:23","slug":"cargador-inalambrico-con-organizador-y-soporte-para-movil-stamina-luke-1055","status":"publish","type":"product","link":"https:\/\/grupotextil.es\/ca\/product\/cargador-inalambrico-con-organizador-y-soporte-para-movil-stamina-luke-1055\/","title":{"rendered":"Cargador Inal\u00e1mbrico con Organizador y Soporte para M\u00f3vil Stamina Luke 1055"},"content":{"rendered":"<p><strong>PRODUCTO QUE SE DESCATALOGAR\u00c1 CUANDO SE AGOTEN LAS EXISTENCIAS<\/strong> \u2013 Bandeja organizadora con cargador inal\u00e1mbrico integrado en la superficie. Con potencia de carga de 10W, compatible con dispositivos provistos de esta tecnolog\u00eda de carga inal\u00e1mbrica. Con distintos departamentos para objetos y soporte para situar el smartphone en posici\u00f3n vertical. Cable Tipo C para conexi\u00f3n incluido.<\/p>","protected":false},"excerpt":{"rendered":"<p><strong>PRODUCTO QUE SE DESCATALOGAR\u00c1 CUANDO SE AGOTEN LAS EXISTENCIAS<\/strong> \u2013 Bandeja organizadora con cargador inal\u00e1mbrico integrado en la superficie. Con potencia de carga de 10W, compatible con dispositivos provistos de esta tecnolog\u00eda de carga inal\u00e1mbrica. Con distintos departamentos para objetos y soporte para situar el smartphone en posici\u00f3n vertical. Cable Tipo C para conexi\u00f3n incluido.<\/p>","protected":false},"featured_media":216787,"comment_status":"open","ping_status":"closed","template":"","meta":{"_acf_changed":false},"product_brand":[14012],"product_cat":[14006,13959],"product_tag":[],"class_list":{"0":"post-216786","1":"product","2":"type-product","3":"status-publish","4":"has-post-thumbnail","6":"product_brand-stamina","7":"product_cat-acc-merchandising","8":"product_cat-mr-tecnologia","9":"tm-no-options","11":"first","12":"instock","13":"taxable","14":"shipping-taxable","15":"product-type-variable"},"acf":[],"_links":{"self":[{"href":"https:\/\/grupotextil.es\/ca\/wp-json\/wp\/v2\/product\/216786","targetHints":{"allow":["GET"]}}],"collection":[{"href":"https:\/\/grupotextil.es\/ca\/wp-json\/wp\/v2\/product"}],"about":[{"href":"https:\/\/grupotextil.es\/ca\/wp-json\/wp\/v2\/types\/product"}],"replies":[{"embeddable":true,"href":"https:\/\/grupotextil.es\/ca\/wp-json\/wp\/v2\/comments?post=216786"}],"wp:featuredmedia":[{"embeddable":true,"href":"https:\/\/grupotextil.es\/ca\/wp-json\/wp\/v2\/media\/216787"}],"wp:attachment":[{"href":"https:\/\/grupotextil.es\/ca\/wp-json\/wp\/v2\/media?parent=216786"}],"wp:term":[{"taxonomy":"product_brand","embeddable":true,"href":"https:\/\/grupotextil.es\/ca\/wp-json\/wp\/v2\/product_brand?post=216786"},{"taxonomy":"product_cat","embeddable":true,"href":"https:\/\/grupotextil.es\/ca\/wp-json\/wp\/v2\/product_cat?post=216786"},{"taxonomy":"product_tag","embeddable":true,"href":"https:\/\/grupotextil.es\/ca\/wp-json\/wp\/v2\/product_tag?post=216786"}],"curies":[{"name":"wp","href":"https:\/\/api.w.org\/{rel}","templated":true}]}}