{"id":216859,"date":"2026-03-04T03:37:33","date_gmt":"2026-03-04T02:37:33","guid":{"rendered":"https:\/\/grupotextil.es\/producto\/cargador-inalambrico-de-bambu-y-corcho-stamina-furax-1209\/"},"modified":"2026-03-04T06:15:24","modified_gmt":"2026-03-04T05:15:24","slug":"cargador-inalambrico-de-bambu-y-corcho-stamina-furax-1209","status":"publish","type":"product","link":"https:\/\/grupotextil.es\/ca\/product\/cargador-inalambrico-de-bambu-y-corcho-stamina-furax-1209\/","title":{"rendered":"Cargador Inal\u00e1mbrico de Bamb\u00fa y Corcho Stamina Furax 1209"},"content":{"rendered":"<p><strong>PRODUCTO QUE SE DESCATALOGAR\u00c1 CUANDO SE AGOTEN LAS EXISTENCIAS<\/strong> \u2013 Cargador inal\u00e1mbrico con cuerpo combinado materiales ecol\u00f3gicos: corcho y bamb\u00fa. Con potencia de 10W. Cuenta con indicador luminoso de carga. Compatible con dispositivos provistos de tecnolog\u00eda de carga inal\u00e1mbrica. Adem\u00e1s, cuenta con un cable de conexi\u00f3n USB integrado. Presentaci\u00f3n en caja de dise\u00f1o eco.<\/p>","protected":false},"excerpt":{"rendered":"<p><strong>PRODUCTO QUE SE DESCATALOGAR\u00c1 CUANDO SE AGOTEN LAS EXISTENCIAS<\/strong> \u2013 Cargador inal\u00e1mbrico con cuerpo combinado materiales ecol\u00f3gicos: corcho y bamb\u00fa. Con potencia de 10W. Cuenta con indicador luminoso de carga. Compatible con dispositivos provistos de tecnolog\u00eda de carga inal\u00e1mbrica. Adem\u00e1s, cuenta con un cable de conexi\u00f3n USB integrado. Presentaci\u00f3n en caja de dise\u00f1o eco.<\/p>","protected":false},"featured_media":216860,"comment_status":"open","ping_status":"closed","template":"","meta":{"_acf_changed":false},"product_brand":[14012],"product_cat":[14006,13959],"product_tag":[],"class_list":{"0":"post-216859","1":"product","2":"type-product","3":"status-publish","4":"has-post-thumbnail","6":"product_brand-stamina","7":"product_cat-acc-merchandising","8":"product_cat-mr-tecnologia","9":"tm-no-options","11":"first","12":"instock","13":"taxable","14":"shipping-taxable","15":"product-type-variable"},"acf":[],"_links":{"self":[{"href":"https:\/\/grupotextil.es\/ca\/wp-json\/wp\/v2\/product\/216859","targetHints":{"allow":["GET"]}}],"collection":[{"href":"https:\/\/grupotextil.es\/ca\/wp-json\/wp\/v2\/product"}],"about":[{"href":"https:\/\/grupotextil.es\/ca\/wp-json\/wp\/v2\/types\/product"}],"replies":[{"embeddable":true,"href":"https:\/\/grupotextil.es\/ca\/wp-json\/wp\/v2\/comments?post=216859"}],"wp:featuredmedia":[{"embeddable":true,"href":"https:\/\/grupotextil.es\/ca\/wp-json\/wp\/v2\/media\/216860"}],"wp:attachment":[{"href":"https:\/\/grupotextil.es\/ca\/wp-json\/wp\/v2\/media?parent=216859"}],"wp:term":[{"taxonomy":"product_brand","embeddable":true,"href":"https:\/\/grupotextil.es\/ca\/wp-json\/wp\/v2\/product_brand?post=216859"},{"taxonomy":"product_cat","embeddable":true,"href":"https:\/\/grupotextil.es\/ca\/wp-json\/wp\/v2\/product_cat?post=216859"},{"taxonomy":"product_tag","embeddable":true,"href":"https:\/\/grupotextil.es\/ca\/wp-json\/wp\/v2\/product_tag?post=216859"}],"curies":[{"name":"wp","href":"https:\/\/api.w.org\/{rel}","templated":true}]}}