{"id":219712,"date":"2026-03-04T04:23:01","date_gmt":"2026-03-04T03:23:01","guid":{"rendered":"https:\/\/grupotextil.es\/producto\/portalapices-de-corcho-natural-con-cargador-inalambrico-stamina-promet-3032\/"},"modified":"2026-03-04T06:15:42","modified_gmt":"2026-03-04T05:15:42","slug":"portalapices-de-corcho-natural-con-cargador-inalambrico-stamina-promet-3032","status":"publish","type":"product","link":"https:\/\/grupotextil.es\/ca\/product\/portalapices-de-corcho-natural-con-cargador-inalambrico-stamina-promet-3032\/","title":{"rendered":"Portal\u00e1pices de Corcho Natural con Cargador Inal\u00e1mbrico Stamina Promet 3032"},"content":{"rendered":"<p>Portal\u00e1pices con superficie de carga inal\u00e1mbrica integrada con potencia de 5W. Realizado en corcho natural. Con puerto de entrada de corriente Micro USB. Compatible con dispositivos m\u00f3viles provistos de tecnolog\u00eda para carga inal\u00e1mbrica. Incluye 2 puertos USB adicionales en la parte trasera. Con indicador luminoso de confirmaci\u00f3n de carga.<\/p>","protected":false},"excerpt":{"rendered":"<p>Portal\u00e1pices con superficie de carga inal\u00e1mbrica integrada con potencia de 5W. Realizado en corcho natural. Con puerto de entrada de corriente Micro USB. Compatible con dispositivos m\u00f3viles provistos de tecnolog\u00eda para carga inal\u00e1mbrica. Incluye 2 puertos USB adicionales en la parte trasera. Con indicador luminoso de confirmaci\u00f3n de carga.<\/p>","protected":false},"featured_media":219713,"comment_status":"open","ping_status":"closed","template":"","meta":{"_acf_changed":false},"product_brand":[14012],"product_cat":[14006,13959],"product_tag":[],"class_list":{"0":"post-219712","1":"product","2":"type-product","3":"status-publish","4":"has-post-thumbnail","6":"product_brand-stamina","7":"product_cat-acc-merchandising","8":"product_cat-mr-tecnologia","9":"tm-no-options","11":"first","12":"outofstock","13":"taxable","14":"shipping-taxable","15":"product-type-variable"},"acf":[],"_links":{"self":[{"href":"https:\/\/grupotextil.es\/ca\/wp-json\/wp\/v2\/product\/219712","targetHints":{"allow":["GET"]}}],"collection":[{"href":"https:\/\/grupotextil.es\/ca\/wp-json\/wp\/v2\/product"}],"about":[{"href":"https:\/\/grupotextil.es\/ca\/wp-json\/wp\/v2\/types\/product"}],"replies":[{"embeddable":true,"href":"https:\/\/grupotextil.es\/ca\/wp-json\/wp\/v2\/comments?post=219712"}],"wp:featuredmedia":[{"embeddable":true,"href":"https:\/\/grupotextil.es\/ca\/wp-json\/wp\/v2\/media\/219713"}],"wp:attachment":[{"href":"https:\/\/grupotextil.es\/ca\/wp-json\/wp\/v2\/media?parent=219712"}],"wp:term":[{"taxonomy":"product_brand","embeddable":true,"href":"https:\/\/grupotextil.es\/ca\/wp-json\/wp\/v2\/product_brand?post=219712"},{"taxonomy":"product_cat","embeddable":true,"href":"https:\/\/grupotextil.es\/ca\/wp-json\/wp\/v2\/product_cat?post=219712"},{"taxonomy":"product_tag","embeddable":true,"href":"https:\/\/grupotextil.es\/ca\/wp-json\/wp\/v2\/product_tag?post=219712"}],"curies":[{"name":"wp","href":"https:\/\/api.w.org\/{rel}","templated":true}]}}