{"id":233352,"date":"2026-03-04T07:39:38","date_gmt":"2026-03-04T06:39:38","guid":{"rendered":"https:\/\/grupotextil.es\/producto\/adv-join-windbreaker-m\/"},"modified":"2026-04-26T04:06:09","modified_gmt":"2026-04-26T02:06:09","slug":"adv-join-windbreaker-m","status":"publish","type":"product","link":"https:\/\/grupotextil.es\/ca\/product\/adv-join-windbreaker-m\/","title":{"rendered":"ADV Join Windbreaker M"},"content":{"rendered":"<p>El cortavientos ADV Join es un cortavientos ligero para el d\u00eda a d\u00eda que vale tanto para la actividad f\u00edsica como para la vida cotidiana.<\/p>\n<p>Este cortavientos contempor\u00e1neo est\u00e1 confeccionado en un tejido fino y ligero e incorpora un funcional forro de malla que proporciona un excelente transporte de la humedad para un confort \u00f3ptimo. Su dise\u00f1o ergon\u00f3mico permite una amplitud de movimiento total, lo que la hace adecuada tanto para el ejercicio como para las actividades cotidianas. Adem\u00e1s, el cortavientos incorpora una capucha con cord\u00f3n ajustable y dos bolsillos ocultos con cremallera para guardar de forma segura las llaves y otros objetos esenciales.<\/p>\n<p>\u2022 Tejido fino, ligero y resistente al viento<\/p>\n<p>\u2022 Tejido confeccionado con poli\u00e9ster reciclado<\/p>\n<p>\u2022 Forro de malla funcional<\/p>\n<p>\u2022 El\u00e1stico en el dobladillo inferior<\/p>\n<p>\u2022 Capucha con cord\u00f3n ajustable<\/p>\n<p>\u2022 Bolsillos laterales con cremallera oculta<\/p>\n<p>\u2022 Ajuste regular<\/p>\n<p><strong>Composici\u00f3n:<\/strong> Body 100% Polyester Recycled, Lining Body 100% Polyester Recycled | <strong>Tallas:<\/strong> S-XXL<\/p>","protected":false},"excerpt":{"rendered":"<p>El cortavientos ADV Join es un cortavientos ligero para el d\u00eda a d\u00eda que vale tanto para la actividad f\u00edsica como para la vida cotidiana.<\/p>","protected":false},"featured_media":237196,"comment_status":"open","ping_status":"closed","template":"","meta":{"_acf_changed":false},"product_brand":[10489],"product_cat":[13998],"product_tag":[],"class_list":{"0":"post-233352","1":"product","2":"type-product","3":"status-publish","4":"has-post-thumbnail","6":"product_brand-craft","7":"product_cat-n-chaquetas","8":"tm-no-options","10":"first","11":"instock","12":"taxable","13":"shipping-taxable","14":"product-type-variable"},"acf":[],"_links":{"self":[{"href":"https:\/\/grupotextil.es\/ca\/wp-json\/wp\/v2\/product\/233352","targetHints":{"allow":["GET"]}}],"collection":[{"href":"https:\/\/grupotextil.es\/ca\/wp-json\/wp\/v2\/product"}],"about":[{"href":"https:\/\/grupotextil.es\/ca\/wp-json\/wp\/v2\/types\/product"}],"replies":[{"embeddable":true,"href":"https:\/\/grupotextil.es\/ca\/wp-json\/wp\/v2\/comments?post=233352"}],"wp:featuredmedia":[{"embeddable":true,"href":"https:\/\/grupotextil.es\/ca\/wp-json\/wp\/v2\/media\/237196"}],"wp:attachment":[{"href":"https:\/\/grupotextil.es\/ca\/wp-json\/wp\/v2\/media?parent=233352"}],"wp:term":[{"taxonomy":"product_brand","embeddable":true,"href":"https:\/\/grupotextil.es\/ca\/wp-json\/wp\/v2\/product_brand?post=233352"},{"taxonomy":"product_cat","embeddable":true,"href":"https:\/\/grupotextil.es\/ca\/wp-json\/wp\/v2\/product_cat?post=233352"},{"taxonomy":"product_tag","embeddable":true,"href":"https:\/\/grupotextil.es\/ca\/wp-json\/wp\/v2\/product_tag?post=233352"}],"curies":[{"name":"wp","href":"https:\/\/api.w.org\/{rel}","templated":true}]}}