{"id":317293,"date":"2026-03-06T01:37:34","date_gmt":"2026-03-06T01:37:34","guid":{"rendered":"https:\/\/grupotextil.es\/?post_type=product&#038;p=317293"},"modified":"2026-03-06T01:37:34","modified_gmt":"2026-03-06T01:37:34","slug":"babero-para-adultos-valento-ginger","status":"publish","type":"product","link":"https:\/\/grupotextil.es\/ca\/product\/babero-para-adultos-valento-ginger\/","title":{"rendered":"Babero para adultos VALENTO GINGER"},"content":{"rendered":"<div class=\"product-description\">\n<div class=\"article_characteristics\">\n<ul style=\"margin-block-start: 0;\" >\n<li><b>Babero<\/b> de <b>adulto<\/b> con cordones.<\/li>\n<li>Confeccionado en <b>tejido no tejido (TNT)<\/b> con acabado gofrado, flexible y repelente.<\/li>\n<li>Cordones que permiten su sujeci\u00f3n en la parte trasera del cuello.<\/li>\n<li>Contornos ribeteados que refuerzan su estructura.<\/li>\n<li>M\u00e9todos id\u00f3neos de marcaje: serigraf\u00eda.<\/li>\n<li>Ideal para uso en <b>hosteler\u00eda<\/b>, restaurantes, eventos gastron\u00f3micos, <b>fiestas populares<\/b>, etc.<\/li>\n<\/ul><\/div>\n<\/div>\n<div class=\"product-pdf\">\n<p><a href=\"https:\/\/valento.es\/?service=ServeDocuments&amp;function=serve_datasheet&amp;article_ref=BAVAGIN\" target=\"_blank\" rel=\"noopener\">Descargar ficha t\u00e9cnica (PDF)<\/a><\/p>\n<\/div>","protected":false},"excerpt":{"rendered":"<p>Babero para adultos VALENTO GINGER de Valento. Disponible en la categor\u00eda Delantales Gorros De Cocina Y Hosteleria. Env\u00edo r\u00e1pido 24\/48h.<\/p>","protected":false},"featured_media":317294,"comment_status":"open","ping_status":"closed","template":"","meta":{"_acf_changed":false},"product_brand":[11282],"product_cat":[10160],"product_tag":[],"class_list":{"0":"post-317293","1":"product","2":"type-product","3":"status-publish","4":"has-post-thumbnail","6":"product_brand-valento","7":"product_cat-ropa-bebe","8":"tm-no-options","10":"first","11":"instock","12":"taxable","13":"shipping-taxable","14":"product-type-variable"},"acf":[],"_links":{"self":[{"href":"https:\/\/grupotextil.es\/ca\/wp-json\/wp\/v2\/product\/317293","targetHints":{"allow":["GET"]}}],"collection":[{"href":"https:\/\/grupotextil.es\/ca\/wp-json\/wp\/v2\/product"}],"about":[{"href":"https:\/\/grupotextil.es\/ca\/wp-json\/wp\/v2\/types\/product"}],"replies":[{"embeddable":true,"href":"https:\/\/grupotextil.es\/ca\/wp-json\/wp\/v2\/comments?post=317293"}],"wp:featuredmedia":[{"embeddable":true,"href":"https:\/\/grupotextil.es\/ca\/wp-json\/wp\/v2\/media\/317294"}],"wp:attachment":[{"href":"https:\/\/grupotextil.es\/ca\/wp-json\/wp\/v2\/media?parent=317293"}],"wp:term":[{"taxonomy":"product_brand","embeddable":true,"href":"https:\/\/grupotextil.es\/ca\/wp-json\/wp\/v2\/product_brand?post=317293"},{"taxonomy":"product_cat","embeddable":true,"href":"https:\/\/grupotextil.es\/ca\/wp-json\/wp\/v2\/product_cat?post=317293"},{"taxonomy":"product_tag","embeddable":true,"href":"https:\/\/grupotextil.es\/ca\/wp-json\/wp\/v2\/product_tag?post=317293"}],"curies":[{"name":"wp","href":"https:\/\/api.w.org\/{rel}","templated":true}]}}