{"id":325303,"date":"2026-03-06T01:43:49","date_gmt":"2026-03-06T01:43:49","guid":{"rendered":"https:\/\/grupotextil.es\/?post_type=product&#038;p=325303"},"modified":"2026-03-06T01:43:49","modified_gmt":"2026-03-06T01:43:49","slug":"pantalon-elastico-valento-graham","status":"publish","type":"product","link":"https:\/\/grupotextil.es\/ca\/product\/pantalon-elastico-valento-graham\/","title":{"rendered":"Pantal\u00f3n el\u00e1stico VALENTO GRAHAM"},"content":{"rendered":"<div class=\"product-description\">\n<div class=\"article_characteristics\">\n<ul style=\"margin-block-start: 0;\" >\n<li><b>Pantal\u00f3n<\/b> <b>el\u00e1stico<\/b>.<\/li>\n<li>Confeccionado en tejido <b>bi-<b>el\u00e1stico<\/b><\/b> complex que aporta mayor movilidad con acabado hidro-repelente para mayor confort.<\/li>\n<li>Cierre de bot\u00f3n, cremallera y tapeta, trabillas para cintur\u00f3n y goma el\u00e1stica en los laterales para mejor ajuste y mayor comodidad.<\/li>\n<li>Dos bolsillos verticales con  cremallera en las caderas y dos traseros tipo parche, para tener todo accesible.<\/li>\n<li>M\u00e9todos id\u00f3neos de marcaje: bordados, cosidos, y termo-adhesivos anti-sublimaci\u00f3n.<\/li>\n<li>Ideal como <b>ropa laboral<\/b>, <b>uniformes de trabajo<\/b> y actividades en la naturaleza.<\/li>\n<\/ul><\/div>\n<\/div>\n<div class=\"product-pdf\">\n<p><a href=\"https:\/\/valento.es\/?service=ServeDocuments&amp;function=serve_datasheet&amp;article_ref=PAVAGRA\" target=\"_blank\" rel=\"noopener\">Descargar ficha t\u00e9cnica (PDF)<\/a><\/p>\n<\/div>","protected":false},"excerpt":{"rendered":"<p>Pantal\u00f3n el\u00e1stico VALENTO GRAHAM de Valento. Disponible en la categor\u00eda Pantalones. Env\u00edo r\u00e1pido 24\/48h.<\/p>","protected":false},"featured_media":325304,"comment_status":"open","ping_status":"closed","template":"","meta":{"_acf_changed":false},"product_brand":[11282],"product_cat":[13974,13975,13983,13992,13973],"product_tag":[],"class_list":{"0":"post-325303","1":"product","2":"type-product","3":"status-publish","4":"has-post-thumbnail","6":"product_brand-valento","7":"product_cat-ropa-hombre","8":"product_cat-ropa-mujer","9":"product_cat-h-pantalones","10":"product_cat-m-pantalones","11":"product_cat-ropa","12":"tm-no-options","14":"first","15":"instock","16":"taxable","17":"shipping-taxable","18":"product-type-variable"},"acf":[],"_links":{"self":[{"href":"https:\/\/grupotextil.es\/ca\/wp-json\/wp\/v2\/product\/325303","targetHints":{"allow":["GET"]}}],"collection":[{"href":"https:\/\/grupotextil.es\/ca\/wp-json\/wp\/v2\/product"}],"about":[{"href":"https:\/\/grupotextil.es\/ca\/wp-json\/wp\/v2\/types\/product"}],"replies":[{"embeddable":true,"href":"https:\/\/grupotextil.es\/ca\/wp-json\/wp\/v2\/comments?post=325303"}],"wp:featuredmedia":[{"embeddable":true,"href":"https:\/\/grupotextil.es\/ca\/wp-json\/wp\/v2\/media\/325304"}],"wp:attachment":[{"href":"https:\/\/grupotextil.es\/ca\/wp-json\/wp\/v2\/media?parent=325303"}],"wp:term":[{"taxonomy":"product_brand","embeddable":true,"href":"https:\/\/grupotextil.es\/ca\/wp-json\/wp\/v2\/product_brand?post=325303"},{"taxonomy":"product_cat","embeddable":true,"href":"https:\/\/grupotextil.es\/ca\/wp-json\/wp\/v2\/product_cat?post=325303"},{"taxonomy":"product_tag","embeddable":true,"href":"https:\/\/grupotextil.es\/ca\/wp-json\/wp\/v2\/product_tag?post=325303"}],"curies":[{"name":"wp","href":"https:\/\/api.w.org\/{rel}","templated":true}]}}