{"id":325501,"date":"2026-03-06T01:43:53","date_gmt":"2026-03-06T01:43:53","guid":{"rendered":"https:\/\/grupotextil.es\/?post_type=product&#038;p=325501"},"modified":"2026-03-06T01:43:53","modified_gmt":"2026-03-06T01:43:53","slug":"peto-de-trabajo-valento-cargo","status":"publish","type":"product","link":"https:\/\/grupotextil.es\/ca\/product\/peto-de-trabajo-valento-cargo\/","title":{"rendered":"Peto de trabajo VALENTO CARGO"},"content":{"rendered":"<div class=\"product-description\">\n<div class=\"article_characteristics\">\n<ul style=\"margin-block-start: 0;\" >\n<li><b>Pantal\u00f3n<\/b> con <b>peto<\/b> y <b>tirantes<\/b>.<\/li>\n<li>Confeccionado en tejido sarga gruesa mezcla algod\u00f3n con poli\u00e9ster resistente y duradero.<\/li>\n<li><b>Peto<\/b> delantero con cierre de abertura a presi\u00f3n y goma el\u00e1stica para un mejor ajuste, incluye bolsillo con cremallera para resaltar la personalizaci\u00f3n y compartimento para bol\u00edgrafo.<\/li>\n<li><b>Pantal\u00f3n<\/b> inferior con trabillas para el cintur\u00f3n, bragueta con cremallera, tapeta y cierre de bot\u00f3n en el lateral derecho, dos bolsillos en caderas, dos traseros tipo parche y dos tipo cargo con tapeta y velcro para tener todo guardado.<\/li>\n<li>Costuras principales dobles y puntos de mayor tracci\u00f3n reforzados con presillas de seguridad que aportan durabilidad y resistencia.<\/li>\n<li>M\u00e9todos id\u00f3neos de marcaje: serigraf\u00eda, transfer, vinilo, bordados, cosidos.<\/li>\n<li>Ideal como <b>ropa laboral<\/b>.<\/li>\n<\/ul><\/div>\n<\/div>\n<div class=\"product-pdf\">\n<p><a href=\"https:\/\/valento.es\/?service=ServeDocuments&amp;function=serve_datasheet&amp;article_ref=PTVACAR\" target=\"_blank\" rel=\"noopener\">Descargar ficha t\u00e9cnica (PDF)<\/a><\/p>\n<\/div>","protected":false},"excerpt":{"rendered":"<p>Peto de trabajo VALENTO CARGO de Valento. Disponible en la categor\u00eda Pantalones. Env\u00edo r\u00e1pido 24\/48h.<\/p>","protected":false},"featured_media":325502,"comment_status":"open","ping_status":"closed","template":"","meta":{"_acf_changed":false},"product_brand":[11282],"product_cat":[13974,13975,13936],"product_tag":[],"class_list":{"0":"post-325501","1":"product","2":"type-product","3":"status-publish","4":"has-post-thumbnail","6":"product_brand-valento","7":"product_cat-ropa-hombre","8":"product_cat-ropa-mujer","9":"product_cat-rl-sanidad-y-estetica","10":"tm-no-options","12":"first","13":"instock","14":"taxable","15":"shipping-taxable","16":"product-type-variable"},"acf":[],"_links":{"self":[{"href":"https:\/\/grupotextil.es\/ca\/wp-json\/wp\/v2\/product\/325501","targetHints":{"allow":["GET"]}}],"collection":[{"href":"https:\/\/grupotextil.es\/ca\/wp-json\/wp\/v2\/product"}],"about":[{"href":"https:\/\/grupotextil.es\/ca\/wp-json\/wp\/v2\/types\/product"}],"replies":[{"embeddable":true,"href":"https:\/\/grupotextil.es\/ca\/wp-json\/wp\/v2\/comments?post=325501"}],"wp:featuredmedia":[{"embeddable":true,"href":"https:\/\/grupotextil.es\/ca\/wp-json\/wp\/v2\/media\/325502"}],"wp:attachment":[{"href":"https:\/\/grupotextil.es\/ca\/wp-json\/wp\/v2\/media?parent=325501"}],"wp:term":[{"taxonomy":"product_brand","embeddable":true,"href":"https:\/\/grupotextil.es\/ca\/wp-json\/wp\/v2\/product_brand?post=325501"},{"taxonomy":"product_cat","embeddable":true,"href":"https:\/\/grupotextil.es\/ca\/wp-json\/wp\/v2\/product_cat?post=325501"},{"taxonomy":"product_tag","embeddable":true,"href":"https:\/\/grupotextil.es\/ca\/wp-json\/wp\/v2\/product_tag?post=325501"}],"curies":[{"name":"wp","href":"https:\/\/api.w.org\/{rel}","templated":true}]}}