{"id":218412,"date":"2026-03-04T04:04:32","date_gmt":"2026-03-04T03:04:32","guid":{"rendered":"https:\/\/grupotextil.es\/producto\/lampara-con-cargador-inalambrico-stamina-dravis-2989\/"},"modified":"2026-03-04T06:15:35","modified_gmt":"2026-03-04T05:15:35","slug":"lampara-con-cargador-inalambrico-stamina-dravis-2989","status":"publish","type":"product","link":"https:\/\/grupotextil.es\/en\/product\/lampara-con-cargador-inalambrico-stamina-dravis-2989\/","title":{"rendered":"L\u00e1mpara Con Cargador Inal\u00e1mbrico Stamina Dravis 2989"},"content":{"rendered":"<p>L\u00e1mpara elaborada en ABS y corcho. Luz led con tres tipo de iluminaci\u00f3n con ajuste de intensidad mediante bot\u00f3n multifunci\u00f3n integrado en la base. Incluye altavoz inal\u00e1mbrico de 3W de potencia para reproducci\u00f3n de audio mediante conexi\u00f3n Bluetooth. Con indicador luminoso de conexi\u00f3n. Con base de carga inal\u00e1mbrica con potencia de 10W para recarga de dispositivos provistos de esta tecnolog\u00eda.<\/p>","protected":false},"excerpt":{"rendered":"<p>L\u00e1mpara elaborada en ABS y corcho. Luz led con tres tipo de iluminaci\u00f3n con ajuste de intensidad mediante bot\u00f3n multifunci\u00f3n integrado en la base. Incluye altavoz inal\u00e1mbrico de 3W de potencia para reproducci\u00f3n de audio mediante conexi\u00f3n Bluetooth. Con indicador luminoso de conexi\u00f3n. Con base de carga inal\u00e1mbrica con potencia de 10W para recarga de dispositivos provistos de esta tecnolog\u00eda.<\/p>","protected":false},"featured_media":218413,"comment_status":"open","ping_status":"closed","template":"","meta":{"_acf_changed":false},"product_brand":[14012],"product_cat":[14006,13959],"product_tag":[],"class_list":{"0":"post-218412","1":"product","2":"type-product","3":"status-publish","4":"has-post-thumbnail","6":"product_brand-stamina","7":"product_cat-acc-merchandising","8":"product_cat-mr-tecnologia","9":"tm-no-options","11":"first","12":"instock","13":"taxable","14":"shipping-taxable","15":"product-type-variable"},"acf":[],"_links":{"self":[{"href":"https:\/\/grupotextil.es\/en\/wp-json\/wp\/v2\/product\/218412","targetHints":{"allow":["GET"]}}],"collection":[{"href":"https:\/\/grupotextil.es\/en\/wp-json\/wp\/v2\/product"}],"about":[{"href":"https:\/\/grupotextil.es\/en\/wp-json\/wp\/v2\/types\/product"}],"replies":[{"embeddable":true,"href":"https:\/\/grupotextil.es\/en\/wp-json\/wp\/v2\/comments?post=218412"}],"wp:featuredmedia":[{"embeddable":true,"href":"https:\/\/grupotextil.es\/en\/wp-json\/wp\/v2\/media\/218413"}],"wp:attachment":[{"href":"https:\/\/grupotextil.es\/en\/wp-json\/wp\/v2\/media?parent=218412"}],"wp:term":[{"taxonomy":"product_brand","embeddable":true,"href":"https:\/\/grupotextil.es\/en\/wp-json\/wp\/v2\/product_brand?post=218412"},{"taxonomy":"product_cat","embeddable":true,"href":"https:\/\/grupotextil.es\/en\/wp-json\/wp\/v2\/product_cat?post=218412"},{"taxonomy":"product_tag","embeddable":true,"href":"https:\/\/grupotextil.es\/en\/wp-json\/wp\/v2\/product_tag?post=218412"}],"curies":[{"name":"wp","href":"https:\/\/api.w.org\/{rel}","templated":true}]}}