{"id":221250,"date":"2026-03-04T04:53:27","date_gmt":"2026-03-04T03:53:27","guid":{"rendered":"https:\/\/grupotextil.es\/producto\/cargador-inalambrico-stamina-soyuz-3018\/"},"modified":"2026-03-04T06:15:54","modified_gmt":"2026-03-04T05:15:54","slug":"cargador-inalambrico-stamina-soyuz-3018","status":"publish","type":"product","link":"https:\/\/grupotextil.es\/en\/product\/cargador-inalambrico-stamina-soyuz-3018\/","title":{"rendered":"Cargador Inal\u00e1mbrico Stamina Soyuz 3018"},"content":{"rendered":"<p>Cargador inal\u00e1mbrico elaborado en de ABS blanco con superficie de carga en bamb\u00fa. Con 5W de potencia. Con puerto de salida Tipo C. Cuenta con indicador luminoso de confirmaci\u00f3n de carga. Compatible con dispositivos m\u00f3viles provistos de tecnolog\u00eda de este tipo de carga.<\/p>","protected":false},"excerpt":{"rendered":"<p>Cargador inal\u00e1mbrico elaborado en de ABS blanco con superficie de carga en bamb\u00fa. Con 5W de potencia. Con puerto de salida Tipo C. Cuenta con indicador luminoso de confirmaci\u00f3n de carga. Compatible con dispositivos m\u00f3viles provistos de tecnolog\u00eda de este tipo de carga.<\/p>","protected":false},"featured_media":221251,"comment_status":"open","ping_status":"closed","template":"","meta":{"_acf_changed":false},"product_brand":[14012],"product_cat":[14006,13959],"product_tag":[],"class_list":{"0":"post-221250","1":"product","2":"type-product","3":"status-publish","4":"has-post-thumbnail","6":"product_brand-stamina","7":"product_cat-acc-merchandising","8":"product_cat-mr-tecnologia","9":"tm-no-options","11":"first","12":"instock","13":"taxable","14":"shipping-taxable","15":"product-type-variable"},"acf":[],"_links":{"self":[{"href":"https:\/\/grupotextil.es\/en\/wp-json\/wp\/v2\/product\/221250","targetHints":{"allow":["GET"]}}],"collection":[{"href":"https:\/\/grupotextil.es\/en\/wp-json\/wp\/v2\/product"}],"about":[{"href":"https:\/\/grupotextil.es\/en\/wp-json\/wp\/v2\/types\/product"}],"replies":[{"embeddable":true,"href":"https:\/\/grupotextil.es\/en\/wp-json\/wp\/v2\/comments?post=221250"}],"wp:featuredmedia":[{"embeddable":true,"href":"https:\/\/grupotextil.es\/en\/wp-json\/wp\/v2\/media\/221251"}],"wp:attachment":[{"href":"https:\/\/grupotextil.es\/en\/wp-json\/wp\/v2\/media?parent=221250"}],"wp:term":[{"taxonomy":"product_brand","embeddable":true,"href":"https:\/\/grupotextil.es\/en\/wp-json\/wp\/v2\/product_brand?post=221250"},{"taxonomy":"product_cat","embeddable":true,"href":"https:\/\/grupotextil.es\/en\/wp-json\/wp\/v2\/product_cat?post=221250"},{"taxonomy":"product_tag","embeddable":true,"href":"https:\/\/grupotextil.es\/en\/wp-json\/wp\/v2\/product_tag?post=221250"}],"curies":[{"name":"wp","href":"https:\/\/api.w.org\/{rel}","templated":true}]}}