{"id":226588,"date":"2026-03-04T06:26:19","date_gmt":"2026-03-04T05:26:19","guid":{"rendered":"https:\/\/grupotextil.es\/producto\/5537-shorts-elasticos\/"},"modified":"2026-04-26T04:05:32","modified_gmt":"2026-04-26T02:05:32","slug":"5537-shorts-elasticos","status":"publish","type":"product","link":"https:\/\/grupotextil.es\/en\/product\/5537-shorts-elasticos\/","title":{"rendered":"5537 SHORTS EL\u00c1STICOS"},"content":{"rendered":"<p>Pantal\u00f3n corto con gran flexibilidad. Tejido el\u00e1stico en parte trasera para una mayor libertad de movimiento. Bolsillos con cremallera en ambas piernas con bolsillo exterior para herramientas en interior para m\u00f3vil y tarjeta identificativa. Bolsillos reforzados con Cordura\u00ae en el interior para una mayor durabilidad.<\/p>\n<p><strong>Composici\u00f3n:<\/strong> Tejido 1: 65% poli\u00e9ster, 35% algod\u00f3n, 235 g\/m2 Tejido 2: 92% nylon, 8% spandex Tejido 3: 100% nylon Cordura\u00ae, 213 g\/m2 | <strong>Peso:<\/strong> 235 g\/m | <strong>Tallas:<\/strong> C44-C62<\/p>","protected":false},"excerpt":{"rendered":"<p>Pantal\u00f3n corto con gran flexibilidad. Tejido el\u00e1stico en parte trasera para una mayor libertad de movimiento. Bolsillos con cremallera en ambas piernas con bolsillo exterior para herramientas en interior para m\u00f3vil y tarjeta identificativa. Bolsillos<\/p>","protected":false},"featured_media":234718,"comment_status":"open","ping_status":"closed","template":"","meta":{"_acf_changed":false},"product_brand":[10531],"product_cat":[13983],"product_tag":[],"class_list":{"0":"post-226588","1":"product","2":"type-product","3":"status-publish","4":"has-post-thumbnail","6":"product_brand-projob","7":"product_cat-h-pantalones","8":"tm-no-options","10":"first","11":"instock","12":"taxable","13":"shipping-taxable","14":"product-type-variable"},"acf":[],"_links":{"self":[{"href":"https:\/\/grupotextil.es\/en\/wp-json\/wp\/v2\/product\/226588","targetHints":{"allow":["GET"]}}],"collection":[{"href":"https:\/\/grupotextil.es\/en\/wp-json\/wp\/v2\/product"}],"about":[{"href":"https:\/\/grupotextil.es\/en\/wp-json\/wp\/v2\/types\/product"}],"replies":[{"embeddable":true,"href":"https:\/\/grupotextil.es\/en\/wp-json\/wp\/v2\/comments?post=226588"}],"wp:featuredmedia":[{"embeddable":true,"href":"https:\/\/grupotextil.es\/en\/wp-json\/wp\/v2\/media\/234718"}],"wp:attachment":[{"href":"https:\/\/grupotextil.es\/en\/wp-json\/wp\/v2\/media?parent=226588"}],"wp:term":[{"taxonomy":"product_brand","embeddable":true,"href":"https:\/\/grupotextil.es\/en\/wp-json\/wp\/v2\/product_brand?post=226588"},{"taxonomy":"product_cat","embeddable":true,"href":"https:\/\/grupotextil.es\/en\/wp-json\/wp\/v2\/product_cat?post=226588"},{"taxonomy":"product_tag","embeddable":true,"href":"https:\/\/grupotextil.es\/en\/wp-json\/wp\/v2\/product_tag?post=226588"}],"curies":[{"name":"wp","href":"https:\/\/api.w.org\/{rel}","templated":true}]}}