{"id":229909,"date":"2026-03-04T07:02:14","date_gmt":"2026-03-04T06:02:14","guid":{"rendered":"https:\/\/grupotextil.es\/producto\/adv-join-fz-jacket-m\/"},"modified":"2026-04-26T04:05:49","modified_gmt":"2026-04-26T02:05:49","slug":"adv-join-fz-jacket-m","status":"publish","type":"product","link":"https:\/\/grupotextil.es\/en\/product\/adv-join-fz-jacket-m\/","title":{"rendered":"ADV Join Fz Jacket M"},"content":{"rendered":"<p>La sudadera ADV Join FZ Hoodie es una chaqueta con cremallera completa muy c\u00f3moda con una expresi\u00f3n limpia y suave dise\u00f1ada para el uso diario.<\/p>\n<p>Esta moderna chaqueta con cremallera est\u00e1 confeccionada en tejido de primera calidad, con un exterior de algod\u00f3n terso y un interior de poli\u00e9ster suave. El resultado es una prenda muy c\u00f3moda que llama la atenci\u00f3n tanto de camino al gimnasio como durante las actividades diarias de relax. Haciendo gala de un dise\u00f1o escandinavo y minimalista, esta chaqueta combina f\u00e1cilmente con multitud de prendas deportivas y de entrenamiento. Adem\u00e1s, la prenda tambi\u00e9n cuenta con mangas ragl\u00e1n y bolsillos tipo canguro con cremalleras para un almacenamiento seguro. El logotipo bordado contribuye a la sensaci\u00f3n de calidad que transmite esta chaqueta.<\/p>\n<p>\u2022 Jersey de algod\u00f3n y poli\u00e9ster de punto suave y denso (320\u00a0g\/m\u00b2)<\/p>\n<p>\u2022 Exterior de algod\u00f3n e interior de poli\u00e9ster<\/p>\n<p>\u2022 Mangas ragl\u00e1n<\/p>\n<p>\u2022 Bolsillo tipo canguro con cremalleras ocultas<\/p>\n<p>\u2022 Logotipo bordado en la manga izquierda<\/p>\n<p>\u2022 Regular fit<\/p>\n<p><strong>Composici\u00f3n:<\/strong> Solid colors: 49% Polyester-Recycled, 46% Cotton, 5% Elastane. Melange colors: 73% Polyester-Recycled, 25% Cotton, 2% Elastane. | <strong>Peso:<\/strong> 320 g\/m2 | <strong>Tallas:<\/strong> XS-4XL<\/p>","protected":false},"excerpt":{"rendered":"<p>La sudadera ADV Join FZ Hoodie es una chaqueta con cremallera completa muy c\u00f3moda con una expresi\u00f3n limpia y suave dise\u00f1ada para el uso diario.<\/p>","protected":false},"featured_media":236435,"comment_status":"open","ping_status":"closed","template":"","meta":{"_acf_changed":false},"product_brand":[10489],"product_cat":[15147],"product_tag":[],"class_list":{"0":"post-229909","1":"product","2":"type-product","3":"status-publish","4":"has-post-thumbnail","6":"product_brand-craft","7":"product_cat-new-wave","8":"tm-no-options","10":"first","11":"instock","12":"taxable","13":"shipping-taxable","14":"product-type-variable"},"acf":[],"_links":{"self":[{"href":"https:\/\/grupotextil.es\/en\/wp-json\/wp\/v2\/product\/229909","targetHints":{"allow":["GET"]}}],"collection":[{"href":"https:\/\/grupotextil.es\/en\/wp-json\/wp\/v2\/product"}],"about":[{"href":"https:\/\/grupotextil.es\/en\/wp-json\/wp\/v2\/types\/product"}],"replies":[{"embeddable":true,"href":"https:\/\/grupotextil.es\/en\/wp-json\/wp\/v2\/comments?post=229909"}],"wp:featuredmedia":[{"embeddable":true,"href":"https:\/\/grupotextil.es\/en\/wp-json\/wp\/v2\/media\/236435"}],"wp:attachment":[{"href":"https:\/\/grupotextil.es\/en\/wp-json\/wp\/v2\/media?parent=229909"}],"wp:term":[{"taxonomy":"product_brand","embeddable":true,"href":"https:\/\/grupotextil.es\/en\/wp-json\/wp\/v2\/product_brand?post=229909"},{"taxonomy":"product_cat","embeddable":true,"href":"https:\/\/grupotextil.es\/en\/wp-json\/wp\/v2\/product_cat?post=229909"},{"taxonomy":"product_tag","embeddable":true,"href":"https:\/\/grupotextil.es\/en\/wp-json\/wp\/v2\/product_tag?post=229909"}],"curies":[{"name":"wp","href":"https:\/\/api.w.org\/{rel}","templated":true}]}}