{"id":233664,"date":"2026-03-04T07:43:13","date_gmt":"2026-03-04T06:43:13","guid":{"rendered":"https:\/\/grupotextil.es\/producto\/urban-down-puffer-jacket-m\/"},"modified":"2026-04-26T04:06:10","modified_gmt":"2026-04-26T02:06:10","slug":"urban-down-puffer-jacket-m","status":"publish","type":"product","link":"https:\/\/grupotextil.es\/en\/product\/urban-down-puffer-jacket-m\/","title":{"rendered":"Urban Down Puffer Jacket M"},"content":{"rendered":"<p>La chaqueta Urban Down Puffer es una chaqueta informal de plum\u00f3n que proporciona un aislamiento y un calor excepcionales en condiciones invernales realmente fr\u00edas.<\/p>\n<p>Confeccionada tanto para el ocio como para las ocasiones formales, esta elegante chaqueta puffer combina a la perfecci\u00f3n funcionalidad y expresi\u00f3n minimalista. Su tejido exterior repelente al agua se combina con un grueso aislamiento de plum\u00f3n para ofrecer una calidez excepcional cuando bajan las temperaturas. Adem\u00e1s, la chaqueta cuenta con dos amplios bolsillos calientamanos, capucha desmontable y cord\u00f3n ajustable en el dobladillo inferior.<\/p>\n<p>\u2022 Tejido exterior de poliamida 100\u00a0% reciclada<\/p>\n<p>\u2022 Acabado hidr\u00f3fugo<\/p>\n<p>\u2022 Relleno de plum\u00f3n, 80 plum\u00f3n\/20 plumas<\/p>\n<p>\u2022 Capucha desmontable<\/p>\n<p>\u2022 Cord\u00f3n ajustable en el dobladillo inferior<\/p>\n<p>\u2022 Bolsillo interior en el pecho<\/p>\n<p>\u2022 Dos bolsillos calientamanos<\/p>\n<p>\u2022 Cremallera YKK<\/p>\n<p>\u2022 Ajuste regular<\/p>\n<p><strong>Composici\u00f3n:<\/strong> Main 100% Poliamida reciclada, Padding 80% Down, 20% Feather, Lining 100% Poliamida reciclada | <strong>Tallas:<\/strong> S-3XL<\/p>","protected":false},"excerpt":{"rendered":"<p>La chaqueta Urban Down Puffer es una chaqueta informal de plum\u00f3n que proporciona un aislamiento y un calor excepcionales en condiciones invernales realmente fr\u00edas.<\/p>","protected":false},"featured_media":237247,"comment_status":"open","ping_status":"closed","template":"","meta":{"_acf_changed":false},"product_brand":[10489],"product_cat":[13998],"product_tag":[],"class_list":{"0":"post-233664","1":"product","2":"type-product","3":"status-publish","4":"has-post-thumbnail","6":"product_brand-craft","7":"product_cat-n-chaquetas","8":"tm-no-options","10":"first","11":"instock","12":"taxable","13":"shipping-taxable","14":"product-type-variable"},"acf":[],"_links":{"self":[{"href":"https:\/\/grupotextil.es\/en\/wp-json\/wp\/v2\/product\/233664","targetHints":{"allow":["GET"]}}],"collection":[{"href":"https:\/\/grupotextil.es\/en\/wp-json\/wp\/v2\/product"}],"about":[{"href":"https:\/\/grupotextil.es\/en\/wp-json\/wp\/v2\/types\/product"}],"replies":[{"embeddable":true,"href":"https:\/\/grupotextil.es\/en\/wp-json\/wp\/v2\/comments?post=233664"}],"wp:featuredmedia":[{"embeddable":true,"href":"https:\/\/grupotextil.es\/en\/wp-json\/wp\/v2\/media\/237247"}],"wp:attachment":[{"href":"https:\/\/grupotextil.es\/en\/wp-json\/wp\/v2\/media?parent=233664"}],"wp:term":[{"taxonomy":"product_brand","embeddable":true,"href":"https:\/\/grupotextil.es\/en\/wp-json\/wp\/v2\/product_brand?post=233664"},{"taxonomy":"product_cat","embeddable":true,"href":"https:\/\/grupotextil.es\/en\/wp-json\/wp\/v2\/product_cat?post=233664"},{"taxonomy":"product_tag","embeddable":true,"href":"https:\/\/grupotextil.es\/en\/wp-json\/wp\/v2\/product_tag?post=233664"}],"curies":[{"name":"wp","href":"https:\/\/api.w.org\/{rel}","templated":true}]}}