{"id":301732,"date":"2026-03-06T01:31:36","date_gmt":"2026-03-06T01:31:36","guid":{"rendered":"https:\/\/grupotextil.es\/?post_type=product&#038;p=301732"},"modified":"2026-03-06T01:31:36","modified_gmt":"2026-03-06T01:31:36","slug":"camiseta-de-manga-corta-100-algodon-valento-bike","status":"publish","type":"product","link":"https:\/\/grupotextil.es\/en\/product\/camiseta-de-manga-corta-100-algodon-valento-bike\/","title":{"rendered":"Camiseta de manga corta 100% algod\u00f3n VALENTO BIKE"},"content":{"rendered":"<div class=\"product-description\">\n<div class=\"article_characteristics\">\n<ul style=\"margin-block-start: 0;\" >\n<li><b>Camiseta<\/b> de <b>manga corta<\/b>, <b>cuello redondo<\/b> y <b>corte regular<\/b>, ligera y econ\u00f3mica, manteniendo la calidad.<\/li>\n<li>Confeccionada en tejido tubular de punto liso <b>100% algod\u00f3n<\/b> Ring Spun suave y confortable.<\/li>\n<li><b>Cuello redondo<\/b> de canal\u00e9 el\u00e1stico que se adapta c\u00f3modamente.<\/li>\n<li>Doble pespunte en cuello, bajo y mangas que aumenta su resistencia.<\/li>\n<li>Cinta interior de hombro a hombro que refuerza y mantiene su forma.<\/li>\n<li>M\u00e9todos id\u00f3neos de marcaje: serigraf\u00eda, transfer, vinilo.<\/li>\n<li>Ideal para m\u00faltiples usos: <b>ropa laboral<\/b>, <b>uniforme escolar<\/b>, <b>textil promocional<\/b>, suvenir, <b>fiestas populares<\/b>, <b>regalo personalizado<\/b>, merchandising, eventos, etc.<\/li>\n<\/ul><\/div>\n<\/div>\n<div class=\"product-pdf\">\n<p><a href=\"https:\/\/valento.es\/?service=ServeDocuments&amp;function=serve_datasheet&amp;article_ref=CAVABAS\" target=\"_blank\" rel=\"noopener\">Descargar ficha t\u00e9cnica (PDF)<\/a><\/p>\n<\/div>","protected":false},"excerpt":{"rendered":"<p>Camiseta de manga corta 100% algod\u00f3n VALENTO BIKE de Valento. Disponible en la categor\u00eda Camisetas Unisex. Env\u00edo r\u00e1pido 24\/48h.<\/p>","protected":false},"featured_media":301733,"comment_status":"open","ping_status":"closed","template":"","meta":{"_acf_changed":false},"product_brand":[11282],"product_cat":[13977,13986,13974,13975,13973],"product_tag":[],"class_list":{"0":"post-301732","1":"product","2":"type-product","3":"status-publish","4":"has-post-thumbnail","6":"product_brand-valento","7":"product_cat-h-camisetas-manga-corta","8":"product_cat-m-camisetas-manga-corta","9":"product_cat-ropa-hombre","10":"product_cat-ropa-mujer","11":"product_cat-ropa","12":"tm-no-options","14":"first","15":"instock","16":"taxable","17":"shipping-taxable","18":"product-type-variable"},"acf":[],"_links":{"self":[{"href":"https:\/\/grupotextil.es\/en\/wp-json\/wp\/v2\/product\/301732","targetHints":{"allow":["GET"]}}],"collection":[{"href":"https:\/\/grupotextil.es\/en\/wp-json\/wp\/v2\/product"}],"about":[{"href":"https:\/\/grupotextil.es\/en\/wp-json\/wp\/v2\/types\/product"}],"replies":[{"embeddable":true,"href":"https:\/\/grupotextil.es\/en\/wp-json\/wp\/v2\/comments?post=301732"}],"wp:featuredmedia":[{"embeddable":true,"href":"https:\/\/grupotextil.es\/en\/wp-json\/wp\/v2\/media\/301733"}],"wp:attachment":[{"href":"https:\/\/grupotextil.es\/en\/wp-json\/wp\/v2\/media?parent=301732"}],"wp:term":[{"taxonomy":"product_brand","embeddable":true,"href":"https:\/\/grupotextil.es\/en\/wp-json\/wp\/v2\/product_brand?post=301732"},{"taxonomy":"product_cat","embeddable":true,"href":"https:\/\/grupotextil.es\/en\/wp-json\/wp\/v2\/product_cat?post=301732"},{"taxonomy":"product_tag","embeddable":true,"href":"https:\/\/grupotextil.es\/en\/wp-json\/wp\/v2\/product_tag?post=301732"}],"curies":[{"name":"wp","href":"https:\/\/api.w.org\/{rel}","templated":true}]}}