{"id":308233,"date":"2026-03-06T01:33:41","date_gmt":"2026-03-06T01:33:41","guid":{"rendered":"https:\/\/grupotextil.es\/?post_type=product&#038;p=308233"},"modified":"2026-03-06T01:33:41","modified_gmt":"2026-03-06T01:33:41","slug":"parka-impermeable-con-capucha-valento-ontario","status":"publish","type":"product","link":"https:\/\/grupotextil.es\/en\/product\/parka-impermeable-con-capucha-valento-ontario\/","title":{"rendered":"Parka impermeable con capucha VALENTO ONTARIO"},"content":{"rendered":"<div class=\"product-description\">\n<div class=\"article_characteristics\">\n<ul style=\"margin-block-start: 0;\" >\n<li><b>Parka<\/b> <b>impermeable<\/b> <b>con capucha<\/b> y <b>polar interior<\/b>.<\/li>\n<li>Confeccionada con <b>tejido <b>impermeable<\/b><\/b> plano en la cara exterior y tejido micro-polar <b>anti-pilling<\/b> en la cara interior para mayor retenci\u00f3n t\u00e9rmica.<\/li>\n<li>Cuello alto con cierre de <b>cremallera entera<\/b> con tapeta y velcro para mayor calidez y confort.<\/li>\n<li>Capucha escamoteable oculta en el interior del cuello, que se abre y se cierra mediante velcro, para usarla como chubasquero.<\/li>\n<li>Costuras termo-selladas para evitar filtraciones de agua y mantener el cuerpo seco ante la lluvia.<\/li>\n<li>Incluye cremallera interior trasera para facilitar los diferentes tipos de marcaje: serigraf\u00eda, transfer, vinilo, bordados, cosidos.<\/li>\n<li>Ideal como <b>textil promocional<\/b>, <b>ropa laboral<\/b> y actividades en exteriores.<\/li>\n<\/ul><\/div>\n<\/div>\n<div class=\"product-pdf\">\n<p><a href=\"https:\/\/valento.es\/?service=ServeDocuments&amp;function=serve_datasheet&amp;article_ref=PKVAONT\" target=\"_blank\" rel=\"noopener\">Descargar ficha t\u00e9cnica (PDF)<\/a><\/p>\n<\/div>","protected":false},"excerpt":{"rendered":"<p>Parka impermeable con capucha VALENTO ONTARIO de Valento. Disponible en la categor\u00eda Cazadoras Y Parkas. Env\u00edo r\u00e1pido 24\/48h.<\/p>","protected":false},"featured_media":308234,"comment_status":"open","ping_status":"closed","template":"","meta":{"_acf_changed":false},"product_brand":[11282],"product_cat":[13981,13990,13974,13975,13973],"product_tag":[],"class_list":{"0":"post-308233","1":"product","2":"type-product","3":"status-publish","4":"has-post-thumbnail","6":"product_brand-valento","7":"product_cat-h-chaquetas-y-abrigos","8":"product_cat-m-chaquetas-y-abrigos","9":"product_cat-ropa-hombre","10":"product_cat-ropa-mujer","11":"product_cat-ropa","12":"tm-no-options","14":"first","15":"instock","16":"taxable","17":"shipping-taxable","18":"product-type-variable"},"acf":[],"_links":{"self":[{"href":"https:\/\/grupotextil.es\/en\/wp-json\/wp\/v2\/product\/308233","targetHints":{"allow":["GET"]}}],"collection":[{"href":"https:\/\/grupotextil.es\/en\/wp-json\/wp\/v2\/product"}],"about":[{"href":"https:\/\/grupotextil.es\/en\/wp-json\/wp\/v2\/types\/product"}],"replies":[{"embeddable":true,"href":"https:\/\/grupotextil.es\/en\/wp-json\/wp\/v2\/comments?post=308233"}],"wp:featuredmedia":[{"embeddable":true,"href":"https:\/\/grupotextil.es\/en\/wp-json\/wp\/v2\/media\/308234"}],"wp:attachment":[{"href":"https:\/\/grupotextil.es\/en\/wp-json\/wp\/v2\/media?parent=308233"}],"wp:term":[{"taxonomy":"product_brand","embeddable":true,"href":"https:\/\/grupotextil.es\/en\/wp-json\/wp\/v2\/product_brand?post=308233"},{"taxonomy":"product_cat","embeddable":true,"href":"https:\/\/grupotextil.es\/en\/wp-json\/wp\/v2\/product_cat?post=308233"},{"taxonomy":"product_tag","embeddable":true,"href":"https:\/\/grupotextil.es\/en\/wp-json\/wp\/v2\/product_tag?post=308233"}],"curies":[{"name":"wp","href":"https:\/\/api.w.org\/{rel}","templated":true}]}}