{"id":308387,"date":"2026-03-06T01:33:45","date_gmt":"2026-03-06T01:33:45","guid":{"rendered":"https:\/\/grupotextil.es\/?post_type=product&#038;p=308387"},"modified":"2026-03-06T01:33:45","modified_gmt":"2026-03-06T01:33:45","slug":"parka-impermeable-con-capucha-valento-arkansas","status":"publish","type":"product","link":"https:\/\/grupotextil.es\/en\/product\/parka-impermeable-con-capucha-valento-arkansas\/","title":{"rendered":"Parka impermeable con capucha VALENTO ARKANSAS"},"content":{"rendered":"<div class=\"product-description\">\n<div class=\"article_characteristics\">\n<ul style=\"margin-block-start: 0;\" >\n<li><b>Parka<\/b> <b>impermeable<\/b> <b>con capucha<\/b> escamoteable y dise\u00f1o <b>bicolor<\/b>.<\/li>\n<li>Confeccionada con <b>tejido <b>impermeable<\/b><\/b> Rip-Stop en el exterior, relleno acolchado, forro interior liso y tejido polar <b>anti-pilling<\/b> en cuello para mayor retenci\u00f3n t\u00e9rmica y confort.<\/li>\n<li>Costuras termo-selladas para evitar filtraciones de agua y mantener el cuerpo seco ante la lluvia.<\/li>\n<li>Pu\u00f1os ajustables mediante velcro, cintura recta con cord\u00f3n el\u00e1stico regulador y freno para mejor ajuste y mayor comodidad.<\/li>\n<li>Dos bolsillos oblicuos en cintura, dos en el pecho y un bolsillo interior, todos con cierre de cremallera, para tener todo accesible.<\/li>\n<li>Incluye cremallera interior trasera para facilitar los diferentes tipos de marcaje: serigraf\u00eda, transfer, vinilo, bordados, cosidos.<\/li>\n<li>Ideal como <b>ropa laboral<\/b>, <b>textil promocional<\/b> y actividades en exteriores.<\/li>\n<\/ul><\/div>\n<\/div>\n<div class=\"product-pdf\">\n<p><a href=\"https:\/\/valento.es\/?service=ServeDocuments&amp;function=serve_datasheet&amp;article_ref=PKVAARK\" target=\"_blank\" rel=\"noopener\">Descargar ficha t\u00e9cnica (PDF)<\/a><\/p>\n<\/div>","protected":false},"excerpt":{"rendered":"<p>Parka impermeable con capucha VALENTO ARKANSAS de Valento. Disponible en la categor\u00eda Cazadoras Y Parkas. Env\u00edo r\u00e1pido 24\/48h.<\/p>","protected":false},"featured_media":308388,"comment_status":"open","ping_status":"closed","template":"","meta":{"_acf_changed":false},"product_brand":[11282],"product_cat":[13981,13990,13974,13975,13973],"product_tag":[],"class_list":{"0":"post-308387","1":"product","2":"type-product","3":"status-publish","4":"has-post-thumbnail","6":"product_brand-valento","7":"product_cat-h-chaquetas-y-abrigos","8":"product_cat-m-chaquetas-y-abrigos","9":"product_cat-ropa-hombre","10":"product_cat-ropa-mujer","11":"product_cat-ropa","12":"tm-no-options","14":"first","15":"instock","16":"taxable","17":"shipping-taxable","18":"product-type-variable"},"acf":[],"_links":{"self":[{"href":"https:\/\/grupotextil.es\/en\/wp-json\/wp\/v2\/product\/308387","targetHints":{"allow":["GET"]}}],"collection":[{"href":"https:\/\/grupotextil.es\/en\/wp-json\/wp\/v2\/product"}],"about":[{"href":"https:\/\/grupotextil.es\/en\/wp-json\/wp\/v2\/types\/product"}],"replies":[{"embeddable":true,"href":"https:\/\/grupotextil.es\/en\/wp-json\/wp\/v2\/comments?post=308387"}],"wp:featuredmedia":[{"embeddable":true,"href":"https:\/\/grupotextil.es\/en\/wp-json\/wp\/v2\/media\/308388"}],"wp:attachment":[{"href":"https:\/\/grupotextil.es\/en\/wp-json\/wp\/v2\/media?parent=308387"}],"wp:term":[{"taxonomy":"product_brand","embeddable":true,"href":"https:\/\/grupotextil.es\/en\/wp-json\/wp\/v2\/product_brand?post=308387"},{"taxonomy":"product_cat","embeddable":true,"href":"https:\/\/grupotextil.es\/en\/wp-json\/wp\/v2\/product_cat?post=308387"},{"taxonomy":"product_tag","embeddable":true,"href":"https:\/\/grupotextil.es\/en\/wp-json\/wp\/v2\/product_tag?post=308387"}],"curies":[{"name":"wp","href":"https:\/\/api.w.org\/{rel}","templated":true}]}}