{"id":317361,"date":"2026-03-06T01:37:45","date_gmt":"2026-03-06T01:37:45","guid":{"rendered":"https:\/\/grupotextil.es\/?post_type=product&#038;p=317361"},"modified":"2026-03-06T01:37:45","modified_gmt":"2026-03-06T01:37:45","slug":"babero-para-adultos-valento-saffron","status":"publish","type":"product","link":"https:\/\/grupotextil.es\/en\/product\/babero-para-adultos-valento-saffron\/","title":{"rendered":"Babero para adultos VALENTO SAFFRON"},"content":{"rendered":"<div class=\"product-description\">\n<div class=\"article_characteristics\">\n<ul style=\"margin-block-start: 0;\" >\n<li><b>Babero<\/b> de <b>adulto<\/b> con cordones.<\/li>\n<li>Confeccionado en tejido plano <b>100% poli\u00e9ster<\/b> con tacto algod\u00f3n suave, agradable, resistente y duradero.<\/li>\n<li>Cordones que permiten su sujeci\u00f3n en la parte trasera del cuello.<\/li>\n<li>Contornos ribeteados que refuerzan su estructura.<\/li>\n<li>M\u00e9todos id\u00f3neos de marcaje: <b>sublimaci\u00f3n<\/b> sobre color blanco, serigraf\u00eda, vinilo, transfer, bordados, cosidos.<\/li>\n<li>Ideal para uso en <b>hosteler\u00eda<\/b>, restaurantes, eventos gastron\u00f3micos, <b>fiestas populares<\/b>, etc.<\/li>\n<\/ul><\/div>\n<\/div>\n<div class=\"product-pdf\">\n<p><a href=\"https:\/\/valento.es\/?service=ServeDocuments&amp;function=serve_datasheet&amp;article_ref=BAVAADU\" target=\"_blank\" rel=\"noopener\">Descargar ficha t\u00e9cnica (PDF)<\/a><\/p>\n<\/div>","protected":false},"excerpt":{"rendered":"<p>Babero para adultos VALENTO SAFFRON de Valento. Disponible en la categor\u00eda Delantales Gorros De Cocina Y Hosteleria. Env\u00edo r\u00e1pido 24\/48h.<\/p>","protected":false},"featured_media":317362,"comment_status":"open","ping_status":"closed","template":"","meta":{"_acf_changed":false},"product_brand":[11282],"product_cat":[10160],"product_tag":[],"class_list":{"0":"post-317361","1":"product","2":"type-product","3":"status-publish","4":"has-post-thumbnail","6":"product_brand-valento","7":"product_cat-ropa-bebe","8":"tm-no-options","10":"first","11":"instock","12":"taxable","13":"shipping-taxable","14":"product-type-variable"},"acf":[],"_links":{"self":[{"href":"https:\/\/grupotextil.es\/en\/wp-json\/wp\/v2\/product\/317361","targetHints":{"allow":["GET"]}}],"collection":[{"href":"https:\/\/grupotextil.es\/en\/wp-json\/wp\/v2\/product"}],"about":[{"href":"https:\/\/grupotextil.es\/en\/wp-json\/wp\/v2\/types\/product"}],"replies":[{"embeddable":true,"href":"https:\/\/grupotextil.es\/en\/wp-json\/wp\/v2\/comments?post=317361"}],"wp:featuredmedia":[{"embeddable":true,"href":"https:\/\/grupotextil.es\/en\/wp-json\/wp\/v2\/media\/317362"}],"wp:attachment":[{"href":"https:\/\/grupotextil.es\/en\/wp-json\/wp\/v2\/media?parent=317361"}],"wp:term":[{"taxonomy":"product_brand","embeddable":true,"href":"https:\/\/grupotextil.es\/en\/wp-json\/wp\/v2\/product_brand?post=317361"},{"taxonomy":"product_cat","embeddable":true,"href":"https:\/\/grupotextil.es\/en\/wp-json\/wp\/v2\/product_cat?post=317361"},{"taxonomy":"product_tag","embeddable":true,"href":"https:\/\/grupotextil.es\/en\/wp-json\/wp\/v2\/product_tag?post=317361"}],"curies":[{"name":"wp","href":"https:\/\/api.w.org\/{rel}","templated":true}]}}